{"id":14085,"date":"2025-07-01T11:09:40","date_gmt":"2025-07-01T08:09:40","guid":{"rendered":"https:\/\/excursionsworld.com\/?post_type=product&#038;p=14085"},"modified":"2026-04-24T01:26:53","modified_gmt":"2026-04-23T22:26:53","slug":"yacht-prive-belek-duden","status":"publish","type":"product","link":"https:\/\/excursionsworld.com\/tours\/private-yacht-belek-duden\/","title":{"rendered":"Location de bateau priv\u00e9 \u00e0 Belek - Chute d'eau de D\u00fcden"},"content":{"rendered":"<h2 dir=\"ltr\" data-pm-slice=\"1 1 []\">\ud83c\udfdd\ufe0f Vue d'ensemble<\/h2>\n<p dir=\"ltr\">Embarquez \u00e0 bord de l'\u00e9l\u00e9gant, un yacht \u00e0 moteur priv\u00e9 de 14,5 m\u00e8tres, pour une exp\u00e9rience VIP luxueuse le long de la Riviera turque. Parfait pour les occasions sp\u00e9ciales ou une journ\u00e9e de pure d\u00e9tente, ce tour pour jusqu'\u00e0 12 invit\u00e9s offre des vues \u00e9poustouflantes, des baignades rafra\u00eechissantes et une cuisine gastronomique. D\u00e9part de <a href=\"https:\/\/en.wikipedia.org\/wiki\/Belek\" target=\"_blank\" rel=\"noopener\">Belek<\/a>\u2019Faites une croisi\u00e8re d'Ac\u0131su Marina \u00e0 la cascade de D\u00fcden et \u00e0 la plage de Lara pour une aventure m\u00e9diterran\u00e9enne inoubliable.<\/p>\n<h3 dir=\"ltr\">Inclus :<\/h3>\n<p dir=\"ltr\"><span style=\"color: #00ff00;\"><strong>\u2713<\/strong><\/span> Prise en charge et retour \u00e0 l'h\u00f4tel<br \/>\n<span style=\"color: #00ff00;\"><strong>\u2713 <\/strong><\/span>Services de guide<br \/>\n<span style=\"color: #00ff00;\"><strong>\u2713 <\/strong><\/span>Assurance<br \/>\n<span style=\"color: #00ff00;\"><strong>\u2713 <\/strong><\/span>D\u00e9jeuner sur le yacht<br \/>\n<span style=\"color: #00ff00;\"><strong>\u2713 <\/strong><\/span>Fruits frais<br \/>\n<span style=\"color: #00ff00;\"><strong>\u2713 <\/strong><\/span>Boissons non alcoolis\u00e9es<\/p>\n<h3 dir=\"ltr\">Non inclus :<\/h3>\n<p dir=\"ltr\"><strong><span style=\"color: #ff0000;\">\u2717<\/span><\/strong> Boissons alcoolis\u00e9es<br \/>\n<strong><span style=\"color: #ff0000;\">\u2717 <\/span><\/strong>D\u00e9penses personnelles, photos et vid\u00e9os<\/p>\n<h2 dir=\"ltr\" data-pm-slice=\"1 1 []\">\ud83c\udf1f Points forts de la location de yacht priv\u00e9 \u00e0 Belek<\/h2>\n<p dir=\"ltr\">\ud83d\udd39 Croisi\u00e8re exclusive sur un yacht \u00e0 moteur priv\u00e9 de 14,5 m\u00e8tres<br \/>\n\ud83d\udd39 Nager pr\u00e8s des rivages vierges de la plage de Lara<br \/>\n\ud83d\udd39 D\u00e9couverte d'une grotte isol\u00e9e et d'une cascade c\u00f4ti\u00e8re<br \/>\n\ud83d\udd39 Vue unique sur la cascade d'Upper D\u00fcden depuis la mer<br \/>\n\ud83d\udd39 D\u00e9jeuner gastronomique servi \u00e0 bord au bord des chutes<br \/>\n\ud83d\udd39 Service personnalis\u00e9 pour les familles, les couples ou les petits groupes<\/p>\n<h2 dir=\"ltr\">\ud83d\udcd6 Description compl\u00e8te : Votre exp\u00e9rience de location de yacht priv\u00e9 \u00e0 Belek<\/h2>\n<p dir=\"ltr\">Votre aventure VIP commence \u00e0 9h00 avec un accueil chaleureux \u00e0 bord du Motor Yacht \u00e0 la Marina Ac\u0131su de Belek. Installez-vous sur le pont ensoleill\u00e9 avec une boisson rafra\u00eechissante pendant que votre \u00e9quipage professionnel navigue sur les eaux turquoise de la M\u00e9diterran\u00e9e.<\/p>\n<p dir=\"ltr\">La premi\u00e8re \u00e9tape est la plage de Lara, o\u00f9 vous jetterez l'ancre pour vous baigner dans les eaux cristallines de la c\u00f4te spectaculaire d'Antalya. Ensuite, vous explorerez une grotte c\u00f4ti\u00e8re cach\u00e9e et une charmante mini-cascade, parfaite pour prendre des photos et partir \u00e0 l'aventure. Naviguez \u00e0 proximit\u00e9 de la majestueuse cascade d'Upper D\u00fcden, un spectacle rare qui se jette dans la mer, et profitez d'un d\u00e9jeuner gastronomique \u00e0 bord qui met \u00e0 l'honneur les saveurs fra\u00eeches de la r\u00e9gion. Nagez une seconde fois sous la brume de la cascade pour un moment magique.<\/p>\n<p dir=\"ltr\">La croisi\u00e8re de retour est l'occasion de se d\u00e9tendre, de siroter des boissons et de profiter de la brise m\u00e9diterran\u00e9enne. \u00c0 16 heures, vous arriverez \u00e0 la marina d'Ac\u0131su, rafra\u00eechi et inspir\u00e9 par ce voyage exclusif.<\/p>\n<h3 dir=\"ltr\">\ud83d\uddfa\ufe0f Itin\u00e9raire de la visite<\/h3>\n<p dir=\"ltr\">\ud83d\udd39 9:00 AM : Embarquement \u00e0 bord d'un yacht \u00e0 moteur \u00e0 la marina Ac\u0131su, Belek.<br \/>\n\ud83d\udd39 Croisi\u00e8re vers la plage de Lara pour la premi\u00e8re baignade (11h00)<br \/>\n\ud83d\udd39 Exploration d'une grotte isol\u00e9e et d'une mini-cascade (12h00)<br \/>\n\ud83d\udd39 Navigation jusqu'\u00e0 la cascade de Upper D\u00fcden pour une vue panoramique (12h30)<br \/>\n\ud83d\udd39 D\u00e9jeuner gastronomique \u00e0 bord et deuxi\u00e8me baignade au bord des chutes (13h00)<br \/>\nCroisi\u00e8re retour panoramique le long de la c\u00f4te (14h00)<br \/>\n\ud83d\udd39 Retour \u00e0 la marina d'Ac\u0131su (16h00)<\/p>\n<h3 dir=\"ltr\">\u2139\ufe0f Informations utiles<\/h3>\n<p dir=\"ltr\">Dur\u00e9e : environ 7 heures (9h00 - 16h00)<br \/>\n\ud83d\udd39 L'excursion a lieu tous les jours, sous r\u00e9serve de disponibilit\u00e9.<br \/>\n\ud83d\udd39 L'itin\u00e9raire peut \u00eatre modifi\u00e9 en fonction des conditions m\u00e9t\u00e9orologiques ou maritimes.<br \/>\n\ud83d\udd39 Activit\u00e9 physique mod\u00e9r\u00e9e (natation, marche l\u00e9g\u00e8re sur le yacht)<br \/>\n\ud83d\udd39 Capacit\u00e9 du yacht : jusqu'\u00e0 12 personnes pour une exp\u00e9rience priv\u00e9e<br \/>\n\ud83d\udd39 Les enfants de moins de 5 ans voyagent gratuitement mais partagent le m\u00eame si\u00e8ge s'ils ne r\u00e9servent pas s\u00e9par\u00e9ment.<\/p>\n<h2 dir=\"ltr\">\ud83c\udf92 Ce qu'il faut apporter<\/h2>\n<p dir=\"ltr\">Maillot de bain et serviette de bain<br \/>\n\ud83d\udd39 Cr\u00e8me solaire et lunettes de soleil<br \/>\n\ud83d\udd39 Chaussures confortables et r\u00e9sistantes \u00e0 l'eau<br \/>\n\ud83d\udd39 Argent liquide pour les d\u00e9penses personnelles<br \/>\n\ud83d\udd39 Appareil photo ou t\u00e9l\u00e9phone \u00e9tanche<\/p>\n<h3 dir=\"ltr\">\ud83d\udeab Ne convient pas pour<\/h3>\n<p dir=\"ltr\">\ud83d\udd39 Personnes \u00e0 mobilit\u00e9 r\u00e9duite<br \/>\n\ud83d\udd39 Les personnes sujettes au mal de mer<\/p>\n<div class=\"elementor-element elementor-element-884d539 e-con-full e-flex e-con e-child\" data-id=\"884d539\" data-element_type=\"container\">\n<div id=\"description\" class=\"elementor-element elementor-element-337037cc elementor-widget elementor-widget-thim-ekits-tours-content\" data-id=\"337037cc\" data-element_type=\"widget\" data-widget_type=\"thim-ekits-tours-content.default\">\n<div class=\"elementor-widget-container\">\n<div class=\"thim-ekit-single-tour__content\">\n<h2 dir=\"ltr\">\ud83d\udcb8\u00a0<strong>Prix et r\u00e9servation<\/strong><\/h2>\n<p dir=\"ltr\"><strong>\ud83d\udd39 R\u00e9server maintenant, payer le jour de la visite<\/strong><br \/>\n\ud83d\udd39 Contactez-nous via WhatsApp, Telegram, Viber, ou remplissez le formulaire de r\u00e9servation ci-dessous. \ud83d\udc47\ud83c\udffc<\/p>\n<\/div>\n<\/div>\n<\/div>\n<\/div>\n<div class=\"elementor-element elementor-element-57a2f74 elementor-widget-divider--view-line elementor-widget elementor-widget-divider\" data-id=\"57a2f74\" data-element_type=\"widget\" data-widget_type=\"divider.default\">\n<div class=\"elementor-widget-container\">\n<div class=\"elementor-divider\"><\/div>\n<\/div>\n<\/div>\n<p>\u00c0 la recherche d'alternatives ? Parcourir <a href=\"https:\/\/excursionsworld.com\/fr\/location-yacht-prive-antalya-kemer\/\">plus de locations de yachts \u00e0 Belek<\/a>.<\/p>","protected":false},"excerpt":{"rendered":"<p><strong>Profitez d'une croisi\u00e8re en yacht priv\u00e9 depuis Belek jusqu'\u00e0 la plage de Lara et la cascade de D\u00fcden. Nagez, d\u00e9tendez-vous sur le yacht \u00e0 moteur avec un d\u00e9jeuner et un service complet.<\/strong><\/p>","protected":false},"featured_media":14086,"comment_status":"open","ping_status":"closed","template":"","meta":[],"product_brand":[],"product_cat":[129],"product_tag":[120],"class_list":{"0":"post-14085","1":"product","2":"type-product","3":"status-publish","4":"has-post-thumbnail","6":"tour_phys-yacht-rental","7":"product_cat-yacht-rental","8":"product_tag-belek","9":"pa_kategori-private-yacht-rental-kemer-antalya","11":"first","12":"instock","13":"sale","14":"shipping-taxable","15":"purchasable","16":"product-type-tour_phys"},"aioseo_notices":[],"_links":{"self":[{"href":"https:\/\/excursionsworld.com\/fr\/wp-json\/wp\/v2\/product\/14085","targetHints":{"allow":["GET"]}}],"collection":[{"href":"https:\/\/excursionsworld.com\/fr\/wp-json\/wp\/v2\/product"}],"about":[{"href":"https:\/\/excursionsworld.com\/fr\/wp-json\/wp\/v2\/types\/product"}],"replies":[{"embeddable":true,"href":"https:\/\/excursionsworld.com\/fr\/wp-json\/wp\/v2\/comments?post=14085"}],"wp:featuredmedia":[{"embeddable":true,"href":"https:\/\/excursionsworld.com\/fr\/wp-json\/wp\/v2\/media\/14086"}],"wp:attachment":[{"href":"https:\/\/excursionsworld.com\/fr\/wp-json\/wp\/v2\/media?parent=14085"}],"wp:term":[{"taxonomy":"product_brand","embeddable":true,"href":"https:\/\/excursionsworld.com\/fr\/wp-json\/wp\/v2\/product_brand?post=14085"},{"taxonomy":"product_cat","embeddable":true,"href":"https:\/\/excursionsworld.com\/fr\/wp-json\/wp\/v2\/product_cat?post=14085"},{"taxonomy":"product_tag","embeddable":true,"href":"https:\/\/excursionsworld.com\/fr\/wp-json\/wp\/v2\/product_tag?post=14085"}],"curies":[{"name":"wp","href":"https:\/\/api.w.org\/{rel}","templated":true}]}}