{"id":14094,"date":"2025-07-01T11:58:30","date_gmt":"2025-07-01T08:58:30","guid":{"rendered":"https:\/\/excursionsworld.com\/?post_type=product&#038;p=14094"},"modified":"2026-04-24T01:26:53","modified_gmt":"2026-04-23T22:26:53","slug":"croisiere-privee-belek-coucher-soleil","status":"publish","type":"product","link":"https:\/\/excursionsworld.com\/tours\/belek-sunset-private-yacht-tour-with-dinner\/","title":{"rendered":"Croisi\u00e8re Priv\u00e9e au Coucher du Soleil \u00e0 Belek \u2013 Yacht &amp; D\u00eener de Luxe"},"content":{"rendered":"<h2 dir=\"ltr\" data-pm-slice=\"1 1 []\">\ud83c\udfdd\ufe0f Vue d'ensemble<\/h2>\n<p dir=\"ltr\">Profitez d'une luxueuse croisi\u00e8re VIP au coucher du soleil sur un yacht \u00e0 moteur priv\u00e9 de 14,5 m\u00e8tres le long de la magnifique Riviera turque. Id\u00e9ale pour les soir\u00e9es romantiques, les r\u00e9unions de famille ou les c\u00e9l\u00e9brations sp\u00e9ciales, cette excursion priv\u00e9e offre des vues imprenables sur la mer, des arr\u00eats baignade relaxants et un d\u00e9licieux d\u00eener \u00e0 bord. D\u00e9part de <a href=\"https:\/\/en.wikipedia.org\/wiki\/Belek\" target=\"_blank\" rel=\"noopener\">Belek<\/a>\u2019s Ac\u0131su Marina \u00e0 16h30, naviguez vers les eaux cristallines pr\u00e8s de la plage de Lara et retournez \u00e0 20h30 sous le ciel dor\u00e9 de la M\u00e9diterran\u00e9e.<\/p>\n<h3 dir=\"ltr\">Inclus :<\/h3>\n<p dir=\"ltr\"><span style=\"color: #00ff00;\"><strong>\u2713<\/strong><\/span> Prise en charge et retour \u00e0 l'h\u00f4tel<br \/>\n<span style=\"color: #00ff00;\"><strong>\u2713 <\/strong><\/span>Services de guide<br \/>\n<span style=\"color: #00ff00;\"><strong>\u2713 <\/strong><\/span>Assurance<br \/>\n<span style=\"color: #00ff00;\"><strong>\u2713 <\/strong><\/span>D\u00eener sur le yacht<br \/>\n<span style=\"color: #00ff00;\"><strong>\u2713 <\/strong><\/span>Fruits frais<br \/>\n<span style=\"color: #00ff00;\"><strong>\u2713 <\/strong><\/span>Boissons non alcoolis\u00e9es<\/p>\n<h3 dir=\"ltr\">Non inclus :<\/h3>\n<p dir=\"ltr\"><strong><span style=\"color: #ff0000;\">\u2717<\/span><\/strong> Boissons alcoolis\u00e9es<br \/>\n<strong><span style=\"color: #ff0000;\">\u2717 <\/span><\/strong>D\u00e9penses personnelles, photos et vid\u00e9os<\/p>\n<h2 dir=\"ltr\" data-pm-slice=\"1 1 []\">\ud83c\udf1f Points Forts de la Visite : Croisi\u00e8re Priv\u00e9e au Coucher du Soleil \u00e0 Belek<\/h2>\n<p dir=\"ltr\">\ud83d\udd39 Croisi\u00e8re priv\u00e9e au coucher du soleil sur un yacht \u00e0 moteur de 14,5 m\u00e8tres<br \/>\n\ud83d\udd39 Arr\u00eat baignade pr\u00e8s de la c\u00f4te paisible de la plage de Lara<br \/>\n\ud83d\udd39 D\u00eener fra\u00eechement pr\u00e9par\u00e9 servi \u00e0 bord<br \/>\n\ud83d\udd39 Atmosph\u00e8re intime et relaxante pour les couples ou les petits groupes<br \/>\n\ud83d\udd39 Admirer le coucher de soleil sur la mer M\u00e9diterran\u00e9e<br \/>\n\ud83d\udd39 Service VIP personnalis\u00e9 avec \u00e9quipage professionnel<\/p>\n<h2 dir=\"ltr\">\ud83d\udcd6 Description compl\u00e8te : Votre exp\u00e9rience de tour en yacht priv\u00e9 au coucher du soleil \u00e0 Belek<\/h2>\n<p>Votre soir\u00e9e inoubliable commence \u00e0 16h30 \u00e0 la marina Ac\u0131su de Belek, o\u00f9 votre yacht priv\u00e9 et son \u00e9quipage amical vous accueillent \u00e0 bord. D\u00e9tendez-vous sur le pont soleil avec une boisson rafra\u00eechissante pendant que vous naviguez le long de la c\u00f4te en direction de la plage de Lara.<\/p>\n<p>Jetez l'ancre dans une baie calme et prenez un bain rafra\u00eechissant dans des eaux turquoise. De retour \u00e0 bord, savourez un d\u00eener soigneusement pr\u00e9par\u00e9, compos\u00e9 de plats locaux frais, de fruits et de boissons non alcoolis\u00e9es, tout en admirant les couleurs du soleil couchant. Que vous c\u00e9l\u00e9briez un \u00e9v\u00e9nement particulier ou que vous cherchiez simplement \u00e0 vous isoler, cette croisi\u00e8re nocturne est le cadre id\u00e9al.<\/p>\n<p>Alors que le soleil descend sous l'horizon, profitez de la brise l\u00e9g\u00e8re, de la bonne compagnie et des vibrations tranquilles. Retournez \u00e0 la marina d'Ac\u0131su vers 20 h 30, et terminez la journ\u00e9e avec des souvenirs inoubliables de votre escapade m\u00e9diterran\u00e9enne.<\/p>\n<h3 dir=\"ltr\">\ud83d\uddfa\ufe0f Itin\u00e9raire de la visite<\/h3>\n<p dir=\"ltr\">\ud83d\udd39 16:30 - D\u00e9part de la marina Ac\u0131su, Belek<br \/>\n\ud83d\udd39 Croisi\u00e8re le long de la c\u00f4te vers la plage de Lara<br \/>\n\ud83d\udd39 Arr\u00eat baignade dans une baie isol\u00e9e<br \/>\n\ud83d\udd39 D\u00eener \u00e0 bord au coucher du soleil<br \/>\nCroisi\u00e8re retour avec vue sur la mer<br \/>\n\ud83d\udd39 20:30 - Retour \u00e0 la marina d'Ac\u0131su<\/p>\n<h3 dir=\"ltr\">\u2139\ufe0f Informations utiles<\/h3>\n<p dir=\"ltr\">\ud83d\udd39 Dur\u00e9e : environ 4 heures (16:30 - 20:30)<br \/>\nFonctionne tous les jours, sous r\u00e9serve de disponibilit\u00e9<br \/>\n\ud83d\udd39 L'itin\u00e9raire peut \u00eatre modifi\u00e9 en fonction de l'\u00e9tat de la mer.<br \/>\nMaximum 12 personnes pour une exp\u00e9rience priv\u00e9e<\/p>\n<h2 dir=\"ltr\">\ud83c\udf92 Ce qu'il faut apporter<\/h2>\n<p>Maillot de bain et serviette de bain<br \/>\n\ud83d\udd39 Cr\u00e8me solaire et lunettes de soleil<br \/>\n\ud83d\udd39 Veste l\u00e9g\u00e8re pour la brise du soir<br \/>\n\ud83d\udd39 Argent liquide pour les d\u00e9penses personnelles<br \/>\n\ud83d\udd39 Appareil photo ou t\u00e9l\u00e9phone \u00e9tanche<\/p>\n<h3 dir=\"ltr\">\ud83d\udeab Ne convient pas pour<\/h3>\n<p dir=\"ltr\">\ud83d\udd39 Personnes \u00e0 mobilit\u00e9 r\u00e9duite<br \/>\n\ud83d\udd39 Les personnes sujettes au mal de mer<\/p>\n<h2 dir=\"ltr\">\ud83d\udcb8\u00a0<strong>Prix et r\u00e9servation<\/strong><\/h2>\n<p dir=\"ltr\"><strong>\ud83d\udd39 R\u00e9server maintenant, payer le jour de la visite<\/strong><br \/>\n\ud83d\udd39 Contactez-nous via WhatsApp, Telegram, Viber, ou remplissez le formulaire de r\u00e9servation ci-dessous. \ud83d\udc47\ud83c\udffc<\/p>\n<p>\u00c0 la recherche d'alternatives ? Parcourir <a href=\"https:\/\/excursionsworld.com\/fr\/location-yacht-prive-antalya-kemer\/\">plus de locations de yachts \u00e0 Belek<\/a>.<\/p>","protected":false},"excerpt":{"rendered":"<p><strong>Profitez d'une excursion priv\u00e9e en yacht au coucher du soleil depuis Belek, avec d\u00eener \u00e0 bord. Nagez pr\u00e8s de la plage de Lara et d\u00e9tendez-vous sur un yacht de luxe lors d'une croisi\u00e8re nocturne.<\/strong><\/p>","protected":false},"featured_media":14086,"comment_status":"open","ping_status":"closed","template":"","meta":[],"product_brand":[],"product_cat":[129],"product_tag":[120],"class_list":{"0":"post-14094","1":"product","2":"type-product","3":"status-publish","4":"has-post-thumbnail","6":"tour_phys-yacht-rental","7":"product_cat-yacht-rental","8":"product_tag-belek","9":"pa_kategori-private-yacht-rental-kemer-antalya","11":"first","12":"instock","13":"sale","14":"shipping-taxable","15":"purchasable","16":"product-type-tour_phys"},"aioseo_notices":[],"_links":{"self":[{"href":"https:\/\/excursionsworld.com\/fr\/wp-json\/wp\/v2\/product\/14094","targetHints":{"allow":["GET"]}}],"collection":[{"href":"https:\/\/excursionsworld.com\/fr\/wp-json\/wp\/v2\/product"}],"about":[{"href":"https:\/\/excursionsworld.com\/fr\/wp-json\/wp\/v2\/types\/product"}],"replies":[{"embeddable":true,"href":"https:\/\/excursionsworld.com\/fr\/wp-json\/wp\/v2\/comments?post=14094"}],"wp:featuredmedia":[{"embeddable":true,"href":"https:\/\/excursionsworld.com\/fr\/wp-json\/wp\/v2\/media\/14086"}],"wp:attachment":[{"href":"https:\/\/excursionsworld.com\/fr\/wp-json\/wp\/v2\/media?parent=14094"}],"wp:term":[{"taxonomy":"product_brand","embeddable":true,"href":"https:\/\/excursionsworld.com\/fr\/wp-json\/wp\/v2\/product_brand?post=14094"},{"taxonomy":"product_cat","embeddable":true,"href":"https:\/\/excursionsworld.com\/fr\/wp-json\/wp\/v2\/product_cat?post=14094"},{"taxonomy":"product_tag","embeddable":true,"href":"https:\/\/excursionsworld.com\/fr\/wp-json\/wp\/v2\/product_tag?post=14094"}],"curies":[{"name":"wp","href":"https:\/\/api.w.org\/{rel}","templated":true}]}}